{"id":298,"date":"2018-06-02T15:21:32","date_gmt":"2018-06-02T13:21:32","guid":{"rendered":"http:\/\/www.probst-obst.de\/?page_id=298"},"modified":"2018-06-02T16:25:26","modified_gmt":"2018-06-02T14:25:26","slug":"startseite","status":"publish","type":"page","link":"http:\/\/www.probst-obst.de\/","title":{"rendered":"Herzlich willkommen!"},"content":{"rendered":"<div class=\"vc_empty_space\">Der\u00a0Obsthof Probst ist ein\u00a0kleiner Familienbetrieb,\u00a0der seit 1971\u00a0 auf 20 Hektar regionale Obstsorten, darunter \u00c4pfel, Birnen, Kirschen, Johannisbeeren und Zwetschgen, anbaut. Mit unseren Produkten m\u00f6chten wir unseren Kunden ein kleines St\u00fcck Frische und Regionalit\u00e4t auf die Teller zaubern.<\/div>\n<div class=\"wpb_text_column wpb_content_element \">\n<div class=\"wpb_wrapper\">\n<p>Besuchen Sie uns\u00a0in unserem <a href=\"http:\/\/www.probst-obst.de\/?page_id=2\">Hofladen<\/a> und verw\u00f6hnen Sie sich mit\u00a0frischem Obst und Gem\u00fcse direkt vom Erzeuger!<\/p>\n<\/div>\n<p>Ihre Familie Probst<\/p>\n<p><img loading=\"lazy\" class=\"alignleft size-large wp-image-316\" src=\"http:\/\/www.probst-obst.de\/wordpress\/wp-content\/uploads\/2018\/06\/Hofladen-1024x576.png\" alt=\"\" width=\"860\" height=\"484\" srcset=\"http:\/\/www.probst-obst.de\/wordpress\/wp-content\/uploads\/2018\/06\/Hofladen-1024x576.png 1024w, http:\/\/www.probst-obst.de\/wordpress\/wp-content\/uploads\/2018\/06\/Hofladen-300x169.png 300w, http:\/\/www.probst-obst.de\/wordpress\/wp-content\/uploads\/2018\/06\/Hofladen-768x432.png 768w, http:\/\/www.probst-obst.de\/wordpress\/wp-content\/uploads\/2018\/06\/Hofladen.png 1440w\" sizes=\"(max-width: 860px) 100vw, 860px\" \/><\/p>\n<\/div>\n","protected":false},"excerpt":{"rendered":"<p>Der\u00a0Obsthof Probst ist ein\u00a0kleiner Familienbetrieb,\u00a0der seit 1971\u00a0 auf 20 Hektar regionale Obstsorten, darunter \u00c4pfel, Birnen, Kirschen, Johannisbeeren und Zwetschgen, anbaut. Mit unseren Produkten m\u00f6chten wir unseren Kunden ein kleines St\u00fcck Frische und Regionalit\u00e4t auf die Teller zaubern. Besuchen Sie uns\u00a0in unserem Hofladen und verw\u00f6hnen Sie sich mit\u00a0frischem Obst und Gem\u00fcse direkt vom Erzeuger! Ihre Familie Probst<\/p>\n","protected":false},"author":1,"featured_media":0,"parent":0,"menu_order":0,"comment_status":"closed","ping_status":"closed","template":"","meta":{"ngg_post_thumbnail":0},"_links":{"self":[{"href":"http:\/\/www.probst-obst.de\/index.php?rest_route=\/wp\/v2\/pages\/298"}],"collection":[{"href":"http:\/\/www.probst-obst.de\/index.php?rest_route=\/wp\/v2\/pages"}],"about":[{"href":"http:\/\/www.probst-obst.de\/index.php?rest_route=\/wp\/v2\/types\/page"}],"author":[{"embeddable":true,"href":"http:\/\/www.probst-obst.de\/index.php?rest_route=\/wp\/v2\/users\/1"}],"replies":[{"embeddable":true,"href":"http:\/\/www.probst-obst.de\/index.php?rest_route=%2Fwp%2Fv2%2Fcomments&post=298"}],"version-history":[{"count":4,"href":"http:\/\/www.probst-obst.de\/index.php?rest_route=\/wp\/v2\/pages\/298\/revisions"}],"predecessor-version":[{"id":317,"href":"http:\/\/www.probst-obst.de\/index.php?rest_route=\/wp\/v2\/pages\/298\/revisions\/317"}],"wp:attachment":[{"href":"http:\/\/www.probst-obst.de\/index.php?rest_route=%2Fwp%2Fv2%2Fmedia&parent=298"}],"curies":[{"name":"wp","href":"https:\/\/api.w.org\/{rel}","templated":true}]}}